{"id":3715,"date":"2023-10-04T06:56:09","date_gmt":"2023-10-04T06:56:09","guid":{"rendered":"https:\/\/ejanc.org\/proteccion-de-los-estudiantes-inmigrantes\/"},"modified":"2023-10-10T15:03:18","modified_gmt":"2023-10-10T15:03:18","slug":"proteccion-de-los-estudiantes-inmigrantes","status":"publish","type":"page","link":"https:\/\/ejanc.org\/es\/campanas\/proteccion-de-los-estudiantes-inmigrantes\/","title":{"rendered":"Protecci\u00f3n de los estudiantes inmigrantes"},"content":{"rendered":"\t\t<div data-elementor-type=\"wp-page\" data-elementor-id=\"3715\" class=\"elementor elementor-3715 elementor-2238\" data-elementor-post-type=\"page\">\n\t\t\t\t<div class=\"elementor-element elementor-element-56c6f17 e-flex e-con-boxed e-con e-parent\" data-id=\"56c6f17\" data-element_type=\"container\" data-e-type=\"container\">\n\t\t\t\t\t<div class=\"e-con-inner\">\n\t\t\t\t<div class=\"elementor-element elementor-element-e4b2b48 elementor-widget elementor-widget-text-editor\" data-id=\"e4b2b48\" data-element_type=\"widget\" data-e-type=\"widget\" data-widget_type=\"text-editor.default\">\n\t\t\t\t<div class=\"elementor-widget-container\">\n\t\t\t\t\t\t\t\t\t<p>A principios de 2017, activistas comunitarios, organizadores, defensores, padres y estudiantes comenzaron una campa\u00f1a exigiendo que el Sistema de Escuelas P\u00fablicas del Condado de Wake (WCPSS) implementara protecciones para los estudiantes inmigrantes e indocumentados. Fue un momento muy cr\u00edtico despu\u00e9s de las elecciones nacionales de 2016, cuando muchas de nuestras familias tem\u00edan un aumento de la persecuci\u00f3n por parte del Servicio de Inmigraci\u00f3n y Control de Aduanas (ICE) debido al odio y la ret\u00f3rica irresponsable de la nueva administraci\u00f3n contra los inmigrantes.<\/p>\n<p>Veintiocho organizaciones, que se enumeran a continuaci\u00f3n, firmaron la campa\u00f1a \/ carta al Superintendente WCPSS y la Junta de Educaci\u00f3n pidi\u00e9ndoles que adopten una resoluci\u00f3n propuesta y \/ o nuestro lenguaje propuesto para una pol\u00edtica que proporcione orientaci\u00f3n y protecci\u00f3n para los estudiantes inmigrantes e indocumentados. Tambi\u00e9n asistimos a las reuniones del Consejo de Educaci\u00f3n y hablamos pidi\u00e9ndoles que se tomaran en serio nuestra petici\u00f3n. Por desgracia, el Consejo de Educaci\u00f3n no hizo nada en aquel momento.<\/p>\n<p>En febrero de 2019, las redadas del ICE en toda Carolina del Norte dieron lugar a la detenci\u00f3n de m\u00e1s de 200 personas, aterrorizando e inyectando miedo en las familias inmigrantes hasta el punto de que muchos padres no enviaron a sus hijos a la escuela durante d\u00edas. Otros no fueron a trabajar para evitar conducir o simplemente estar al aire libre. El 18 de febrero de 2019, EJA, junto con otros, reactiv\u00f3 la campa\u00f1a. La campa\u00f1a moviliz\u00f3 a docenas de personas para que acudieran a las reuniones del Consejo de Educaci\u00f3n, se reuni\u00f3 personalmente con algunos de sus miembros e hizo una labor tradicional en los medios de comunicaci\u00f3n para presionar a quienes tienen el poder de tomar decisiones. EJA y los socios de la coalici\u00f3n se complacen en compartir que, esta vez, hemos GANADO algo. El superintendente del Sistema de Escuelas P\u00fablicas del Condado de Wake (WCPSS) public\u00f3 una gu\u00eda para directores y otro personal escolar relacionada con los derechos y protecciones de los estudiantes inmigrantes e indocumentados.<\/p>\n<p>EJA y sus socios se complacen en ver que la Oficina del Superintendente escuch\u00f3 nuestras preocupaciones y creen que este es un buen primer paso en la direcci\u00f3n correcta, pero todav\u00eda necesitamos que la Junta de Educaci\u00f3n de WCPSS refleje algunos de los cambios en una pol\u00edtica. Les hemos pedido que adopten nuestra recomendaci\u00f3n pol\u00edtica o que actualicen la pol\u00edtica de detenciones (Pol\u00edtica n\u00ba 5120) para ofrecer m\u00e1s protecci\u00f3n a los estudiantes inmigrantes e indocumentados.<\/p>\n<p>Read the proposed <a href=\"https:\/\/assets.nationbuilder.com\/edjusticealliance\/pages\/55\/attachments\/original\/1553111045\/EJA_Policy_Recs.pdf?1553111045\">policy here.<\/a><\/p>\n\t\t\t\t\t\t\t\t<\/div>\n\t\t\t\t<\/div>\n\t\t<div class=\"elementor-element elementor-element-8f70df6 e-flex e-con-boxed e-con e-child\" data-id=\"8f70df6\" data-element_type=\"container\" data-e-type=\"container\">\n\t\t\t\t\t<div class=\"e-con-inner\">\n\t\t\t\t<div class=\"elementor-element elementor-element-680fe15 elementor-widget elementor-widget-text-editor\" data-id=\"680fe15\" data-element_type=\"widget\" data-e-type=\"widget\" data-widget_type=\"text-editor.default\">\n\t\t\t\t<div class=\"elementor-widget-container\">\n\t\t\t\t\t\t\t\t\t<p>Lista de organizaciones firmantes de la campa\u00f1a\/carta:<\/p>\n\t\t\t\t\t\t\t\t<\/div>\n\t\t\t\t<\/div>\n\t\t\t\t\t<\/div>\n\t\t\t\t<\/div>\n\t\t<div class=\"elementor-element elementor-element-940c28d e-flex e-con-boxed e-con e-child\" data-id=\"940c28d\" data-element_type=\"container\" data-e-type=\"container\">\n\t\t\t\t\t<div class=\"e-con-inner\">\n\t\t\t\t<div class=\"elementor-element elementor-element-2958a2f elementor-align-start elementor-widget__width-initial elementor-list-item-link-full_width elementor-widget elementor-widget-icon-list\" data-id=\"2958a2f\" data-element_type=\"widget\" data-e-type=\"widget\" data-widget_type=\"icon-list.default\">\n\t\t\t\t<div class=\"elementor-widget-container\">\n\t\t\t\t\t\t\t<ul class=\"elementor-icon-list-items\">\n\t\t\t\t\t\t\t<li class=\"elementor-icon-list-item\">\n\t\t\t\t\t\t\t\t\t\t<span class=\"elementor-icon-list-text\">1.Trabajadores negros por la justicia<\/span>\n\t\t\t\t\t\t\t\t\t<\/li>\n\t\t\t\t\t\t\t\t<li class=\"elementor-icon-list-item\">\n\t\t\t\t\t\t\t\t\t\t<span class=\"elementor-icon-list-text\">2.Coalici\u00f3n de Ciudadanos Preocupados por los Ni\u00f1os Afroamericanos<\/span>\n\t\t\t\t\t\t\t\t\t<\/li>\n\t\t\t\t\t\t\t\t<li class=\"elementor-icon-list-item\">\n\t\t\t\t\t\t\t\t\t\t<span class=\"elementor-icon-list-text\">3.Comit\u00e9 de Acci\u00f3n Popular<\/span>\n\t\t\t\t\t\t\t\t\t<\/li>\n\t\t\t\t\t\t\t\t<li class=\"elementor-icon-list-item\">\n\t\t\t\t\t\t\t\t\t\t<span class=\"elementor-icon-list-text\">4.Comit\u00e9 Popular Somos Raleigh<\/span>\n\t\t\t\t\t\t\t\t\t<\/li>\n\t\t\t\t\t\t\t\t<li class=\"elementor-icon-list-item\">\n\t\t\t\t\t\t\t\t\t\t<span class=\"elementor-icon-list-text\">5.Equipo de Liderazgo de Equidad Comunitaria (CELT) de WCPSS<\/span>\n\t\t\t\t\t\t\t\t\t<\/li>\n\t\t\t\t\t\t\t\t<li class=\"elementor-icon-list-item\">\n\t\t\t\t\t\t\t\t\t\t<span class=\"elementor-icon-list-text\">6.Desmantelar el racismo funciona<\/span>\n\t\t\t\t\t\t\t\t\t<\/li>\n\t\t\t\t\t\t\t\t<li class=\"elementor-icon-list-item\">\n\t\t\t\t\t\t\t\t\t\t<span class=\"elementor-icon-list-text\">7.Alianza por la Justicia en la Educaci\u00f3n<\/span>\n\t\t\t\t\t\t\t\t\t<\/li>\n\t\t\t\t\t\t\t\t<li class=\"elementor-icon-list-item\">\n\t\t\t\t\t\t\t\t\t\t<span class=\"elementor-icon-list-text\">8.El Centro Hispano<\/span>\n\t\t\t\t\t\t\t\t\t<\/li>\n\t\t\t\t\t\t\t\t<li class=\"elementor-icon-list-item\">\n\t\t\t\t\t\t\t\t\t\t<span class=\"elementor-icon-list-text\">9.El Pueblo<\/span>\n\t\t\t\t\t\t\t\t\t<\/li>\n\t\t\t\t\t\t\t\t<li class=\"elementor-icon-list-item\">\n\t\t\t\t\t\t\t\t\t\t<span class=\"elementor-icon-list-text\">10.Grupo Inundaciones<\/span>\n\t\t\t\t\t\t\t\t\t<\/li>\n\t\t\t\t\t\t\t\t<li class=\"elementor-icon-list-item\">\n\t\t\t\t\t\t\t\t\t\t<span class=\"elementor-icon-list-text\">11.Grandes escuelas en Wake<\/span>\n\t\t\t\t\t\t\t\t\t<\/li>\n\t\t\t\t\t\t\t\t<li class=\"elementor-icon-list-item\">\n\t\t\t\t\t\t\t\t\t\t<span class=\"elementor-icon-list-text\">12.ICE Fuera de NC<\/span>\n\t\t\t\t\t\t\t\t\t<\/li>\n\t\t\t\t\t\t\t\t<li class=\"elementor-icon-list-item\">\n\t\t\t\t\t\t\t\t\t\t<span class=\"elementor-icon-list-text\">13.Voz Jud\u00eda por la Paz, cap\u00edtulo Tri\u00e1ngulo<\/span>\n\t\t\t\t\t\t\t\t\t<\/li>\n\t\t\t\t\t\t\t\t<li class=\"elementor-icon-list-item\">\n\t\t\t\t\t\t\t\t\t\t<span class=\"elementor-icon-list-text\">14.Ministerios Mar\u00eda Magdalena<\/span>\n\t\t\t\t\t\t\t\t\t<\/li>\n\t\t\t\t\t\t<\/ul>\n\t\t\t\t\t\t<\/div>\n\t\t\t\t<\/div>\n\t\t\t\t<div class=\"elementor-element elementor-element-df08eb8 elementor-align-start elementor-widget__width-initial elementor-list-item-link-full_width elementor-widget elementor-widget-icon-list\" data-id=\"df08eb8\" data-element_type=\"widget\" data-e-type=\"widget\" data-widget_type=\"icon-list.default\">\n\t\t\t\t<div class=\"elementor-widget-container\">\n\t\t\t\t\t\t\t<ul class=\"elementor-icon-list-items\">\n\t\t\t\t\t\t\t<li class=\"elementor-icon-list-item\">\n\t\t\t\t\t\t\t\t\t\t<span class=\"elementor-icon-list-text\">15.Federaci\u00f3n Metodista de Acci\u00f3n Social - Secci\u00f3n de Carolina del Norte<\/span>\n\t\t\t\t\t\t\t\t\t<\/li>\n\t\t\t\t\t\t\t\t<li class=\"elementor-icon-list-item\">\n\t\t\t\t\t\t\t\t\t\t<span class=\"elementor-icon-list-text\">16.Movimiento para Acabar con el Racismo y la Islamofobia<\/span>\n\t\t\t\t\t\t\t\t\t<\/li>\n\t\t\t\t\t\t\t\t<li class=\"elementor-icon-list-item\">\n\t\t\t\t\t\t\t\t\t\t<span class=\"elementor-icon-list-text\">17.Musulmanes por la justicia social<\/span>\n\t\t\t\t\t\t\t\t\t<\/li>\n\t\t\t\t\t\t\t\t<li class=\"elementor-icon-list-item\">\n\t\t\t\t\t\t\t\t\t\t<span class=\"elementor-icon-list-text\">18.NC Asi\u00e1tico-Americanos Juntos<\/span>\n\t\t\t\t\t\t\t\t\t<\/li>\n\t\t\t\t\t\t\t\t<li class=\"elementor-icon-list-item\">\n\t\t\t\t\t\t\t\t\t\t<span class=\"elementor-icon-list-text\">19.Consejo de Iglesias de Carolina del Norte<\/span>\n\t\t\t\t\t\t\t\t\t<\/li>\n\t\t\t\t\t\t\t\t<li class=\"elementor-icon-list-item\">\n\t\t\t\t\t\t\t\t\t\t<span class=\"elementor-icon-list-text\">20.Centro de Justicia de Carolina del Norte<\/span>\n\t\t\t\t\t\t\t\t\t<\/li>\n\t\t\t\t\t\t\t\t<li class=\"elementor-icon-list-item\">\n\t\t\t\t\t\t\t\t\t\t<span class=\"elementor-icon-list-text\">21.Public Schools First NC<\/span>\n\t\t\t\t\t\t\t\t\t<\/li>\n\t\t\t\t\t\t\t\t<li class=\"elementor-icon-list-item\">\n\t\t\t\t\t\t\t\t\t\t<span class=\"elementor-icon-list-text\">22.Raleigh Comunidad inmigrante<\/span>\n\t\t\t\t\t\t\t\t\t<\/li>\n\t\t\t\t\t\t\t\t<li class=\"elementor-icon-list-item\">\n\t\t\t\t\t\t\t\t\t\t<span class=\"elementor-icon-list-text\">23.S\u00ed a Las Licencias<\/span>\n\t\t\t\t\t\t\t\t\t<\/li>\n\t\t\t\t\t\t\t\t<li class=\"elementor-icon-list-item\">\n\t\t\t\t\t\t\t\t\t\t<span class=\"elementor-icon-list-text\">24.Red de Derechos de los Inmigrantes del Sureste (SEIRN)<\/span>\n\t\t\t\t\t\t\t\t\t<\/li>\n\t\t\t\t\t\t\t\t<li class=\"elementor-icon-list-item\">\n\t\t\t\t\t\t\t\t\t\t<span class=\"elementor-icon-list-text\">25.SONG (Sure\u00f1os en NewGround)<\/span>\n\t\t\t\t\t\t\t\t\t<\/li>\n\t\t\t\t\t\t\t\t<li class=\"elementor-icon-list-item\">\n\t\t\t\t\t\t\t\t\t\t<span class=\"elementor-icon-list-text\">26.Acci\u00f3n estudiantil con los trabajadores agr\u00edcolas<\/span>\n\t\t\t\t\t\t\t\t\t<\/li>\n\t\t\t\t\t\t\t\t<li class=\"elementor-icon-list-item\">\n\t\t\t\t\t\t\t\t\t\t<span class=\"elementor-icon-list-text\">27,Tri\u00e1ngulo SURJ (Manifestaci\u00f3n por la Justicia Racial)<\/span>\n\t\t\t\t\t\t\t\t\t<\/li>\n\t\t\t\t\t\t\t\t<li class=\"elementor-icon-list-item\">\n\t\t\t\t\t\t\t\t\t\t<span class=\"elementor-icon-list-text\">28.Instituto de Organizaci\u00f3n de la Juventud<\/span>\n\t\t\t\t\t\t\t\t\t<\/li>\n\t\t\t\t\t\t<\/ul>\n\t\t\t\t\t\t<\/div>\n\t\t\t\t<\/div>\n\t\t\t\t\t<\/div>\n\t\t\t\t<\/div>\n\t\t\t\t\t<\/div>\n\t\t\t\t<\/div>\n\t\t\t\t<\/div>\n\t\t","protected":false},"excerpt":{"rendered":"<p>A principios de 2017, activistas comunitarios, organizadores, defensores, padres y estudiantes comenzaron una campa\u00f1a exigiendo que el Sistema de Escuelas P\u00fablicas del Condado de Wake (WCPSS) implementara protecciones para los [&hellip;]<\/p>\n","protected":false},"author":1,"featured_media":3628,"parent":3669,"menu_order":0,"comment_status":"closed","ping_status":"closed","template":"","meta":{"_acf_changed":false,"give_campaign_id":0,"inline_featured_image":false,"footnotes":""},"class_list":["post-3715","page","type-page","status-publish","has-post-thumbnail","hentry"],"acf":[],"yoast_head":"<!-- This site is optimized with the Yoast SEO plugin v27.0 - https:\/\/yoast.com\/product\/yoast-seo-wordpress\/ -->\n<title>Protecci\u00f3n de los estudiantes inmigrantes | Alianza por la Justicia en la Educaci\u00f3n<\/title>\n<meta name=\"robots\" content=\"index, follow, max-snippet:-1, max-image-preview:large, max-video-preview:-1\" \/>\n<link rel=\"canonical\" href=\"https:\/\/ejanc.org\/campaigns_sbltu6ooudkwlbgvogn6qg\/protecting_immigrant_students\/\" \/>\n<meta property=\"og:locale\" content=\"es_ES\" \/>\n<meta property=\"og:type\" content=\"article\" \/>\n<meta property=\"og:title\" content=\"Protecci\u00f3n de los estudiantes inmigrantes | Alianza por la Justicia en la Educaci\u00f3n\" \/>\n<meta property=\"og:description\" content=\"A principios de 2017, activistas comunitarios, organizadores, defensores, padres y estudiantes comenzaron una campa\u00f1a exigiendo que el Sistema de Escuelas P\u00fablicas del Condado de Wake (WCPSS) implementara protecciones para los [&hellip;]\" \/>\n<meta property=\"og:url\" content=\"https:\/\/ejanc.org\/campaigns_sbltu6ooudkwlbgvogn6qg\/protecting_immigrant_students\/\" \/>\n<meta property=\"og:site_name\" content=\"Alianza por la Justicia en la Educaci\u00f3n\" \/>\n<meta property=\"article:publisher\" content=\"https:\/\/www.facebook.com\/EJARALEIGHNC\/\" \/>\n<meta property=\"article:modified_time\" content=\"2023-10-10T15:03:18+00:00\" \/>\n<meta property=\"og:image\" content=\"https:\/\/ejanc.org\/wp-content\/uploads\/2023\/10\/970EFCDC-FC6E-4299-A213-B3162F16EE81-Ramiyah-e1696694580746.jpeg\" \/>\n\t<meta property=\"og:image:width\" content=\"876\" \/>\n\t<meta property=\"og:image:height\" content=\"1200\" \/>\n\t<meta property=\"og:image:type\" content=\"image\/jpeg\" \/>\n<meta name=\"twitter:card\" content=\"summary_large_image\" \/>\n<meta name=\"twitter:label1\" content=\"Tiempo de lectura\" \/>\n\t<meta name=\"twitter:data1\" content=\"3 minutos\" \/>\n<script type=\"application\/ld+json\" class=\"yoast-schema-graph\">{\"@context\":\"https:\/\/schema.org\",\"@graph\":[{\"@type\":\"WebPage\",\"@id\":\"https:\/\/ejanc.org\/campaigns_sbltu6ooudkwlbgvogn6qg\/protecting_immigrant_students\/\",\"url\":\"https:\/\/ejanc.org\/campaigns_sbltu6ooudkwlbgvogn6qg\/protecting_immigrant_students\/\",\"name\":\"Protecci\u00f3n de los estudiantes inmigrantes | Alianza por la Justicia en la Educaci\u00f3n\",\"isPartOf\":{\"@id\":\"https:\/\/ejanc.org\/#website\"},\"primaryImageOfPage\":{\"@id\":\"https:\/\/ejanc.org\/campaigns_sbltu6ooudkwlbgvogn6qg\/protecting_immigrant_students\/#primaryimage\"},\"image\":{\"@id\":\"https:\/\/ejanc.org\/campaigns_sbltu6ooudkwlbgvogn6qg\/protecting_immigrant_students\/#primaryimage\"},\"thumbnailUrl\":\"https:\/\/ejanc.org\/wp-content\/uploads\/2023\/10\/970EFCDC-FC6E-4299-A213-B3162F16EE81-Ramiyah-e1696694580746.jpeg\",\"datePublished\":\"2023-10-04T06:56:09+00:00\",\"dateModified\":\"2023-10-10T15:03:18+00:00\",\"breadcrumb\":{\"@id\":\"https:\/\/ejanc.org\/campaigns_sbltu6ooudkwlbgvogn6qg\/protecting_immigrant_students\/#breadcrumb\"},\"inLanguage\":\"es\",\"potentialAction\":[{\"@type\":\"ReadAction\",\"target\":[\"https:\/\/ejanc.org\/campaigns_sbltu6ooudkwlbgvogn6qg\/protecting_immigrant_students\/\"]}]},{\"@type\":\"ImageObject\",\"inLanguage\":\"es\",\"@id\":\"https:\/\/ejanc.org\/campaigns_sbltu6ooudkwlbgvogn6qg\/protecting_immigrant_students\/#primaryimage\",\"url\":\"https:\/\/ejanc.org\/wp-content\/uploads\/2023\/10\/970EFCDC-FC6E-4299-A213-B3162F16EE81-Ramiyah-e1696694580746.jpeg\",\"contentUrl\":\"https:\/\/ejanc.org\/wp-content\/uploads\/2023\/10\/970EFCDC-FC6E-4299-A213-B3162F16EE81-Ramiyah-e1696694580746.jpeg\",\"width\":876,\"height\":1200},{\"@type\":\"BreadcrumbList\",\"@id\":\"https:\/\/ejanc.org\/campaigns_sbltu6ooudkwlbgvogn6qg\/protecting_immigrant_students\/#breadcrumb\",\"itemListElement\":[{\"@type\":\"ListItem\",\"position\":1,\"name\":\"Home\",\"item\":\"https:\/\/ejanc.org\/es\/inicio\/\"},{\"@type\":\"ListItem\",\"position\":2,\"name\":\"Campa\u00f1as\",\"item\":\"https:\/\/ejanc.org\/campaigns_sbltu6ooudkwlbgvogn6qg\/\"},{\"@type\":\"ListItem\",\"position\":3,\"name\":\"Protecci\u00f3n de los estudiantes inmigrantes\"}]},{\"@type\":\"WebSite\",\"@id\":\"https:\/\/ejanc.org\/#website\",\"url\":\"https:\/\/ejanc.org\/\",\"name\":\"Alianza por la Justicia en la Educaci\u00f3n\",\"description\":\"\",\"publisher\":{\"@id\":\"https:\/\/ejanc.org\/#organization\"},\"potentialAction\":[{\"@type\":\"SearchAction\",\"target\":{\"@type\":\"EntryPoint\",\"urlTemplate\":\"https:\/\/ejanc.org\/?s={search_term_string}\"},\"query-input\":{\"@type\":\"PropertyValueSpecification\",\"valueRequired\":true,\"valueName\":\"search_term_string\"}}],\"inLanguage\":\"es\"},{\"@type\":\"Organization\",\"@id\":\"https:\/\/ejanc.org\/#organization\",\"name\":\"Alianza por la Justicia en la Educaci\u00f3n\",\"url\":\"https:\/\/ejanc.org\/\",\"logo\":{\"@type\":\"ImageObject\",\"inLanguage\":\"es\",\"@id\":\"https:\/\/ejanc.org\/#\/schema\/logo\/image\/\",\"url\":\"https:\/\/ejanc.org\/wp-content\/uploads\/2023\/10\/logo.png\",\"contentUrl\":\"https:\/\/ejanc.org\/wp-content\/uploads\/2023\/10\/logo.png\",\"width\":129,\"height\":132,\"caption\":\"Alianza por la Justicia en la Educaci\u00f3n\"},\"image\":{\"@id\":\"https:\/\/ejanc.org\/#\/schema\/logo\/image\/\"},\"sameAs\":[\"https:\/\/www.facebook.com\/EJARALEIGHNC\/\",\"https:\/\/www.instagram.com\/ejaraleighnc\/\",\"https:\/\/www.linkedin.com\/company\/ejaraleighnc\/about\/\",\"https:\/\/www.youtube.com\/@educationjusticealliance8063\"]}]}<\/script>\n<!-- \/ Yoast SEO plugin. -->","yoast_head_json":{"title":"Protecci\u00f3n de los estudiantes inmigrantes | Alianza por la Justicia en la Educaci\u00f3n","robots":{"index":"index","follow":"follow","max-snippet":"max-snippet:-1","max-image-preview":"max-image-preview:large","max-video-preview":"max-video-preview:-1"},"canonical":"https:\/\/ejanc.org\/campaigns_sbltu6ooudkwlbgvogn6qg\/protecting_immigrant_students\/","og_locale":"es_ES","og_type":"article","og_title":"Protecci\u00f3n de los estudiantes inmigrantes | Alianza por la Justicia en la Educaci\u00f3n","og_description":"A principios de 2017, activistas comunitarios, organizadores, defensores, padres y estudiantes comenzaron una campa\u00f1a exigiendo que el Sistema de Escuelas P\u00fablicas del Condado de Wake (WCPSS) implementara protecciones para los [&hellip;]","og_url":"https:\/\/ejanc.org\/campaigns_sbltu6ooudkwlbgvogn6qg\/protecting_immigrant_students\/","og_site_name":"Alianza por la Justicia en la Educaci\u00f3n","article_publisher":"https:\/\/www.facebook.com\/EJARALEIGHNC\/","article_modified_time":"2023-10-10T15:03:18+00:00","og_image":[{"width":876,"height":1200,"url":"https:\/\/ejanc.org\/wp-content\/uploads\/2023\/10\/970EFCDC-FC6E-4299-A213-B3162F16EE81-Ramiyah-e1696694580746.jpeg","type":"image\/jpeg"}],"twitter_card":"summary_large_image","twitter_misc":{"Tiempo de lectura":"3 minutos"},"schema":{"@context":"https:\/\/schema.org","@graph":[{"@type":"WebPage","@id":"https:\/\/ejanc.org\/campaigns_sbltu6ooudkwlbgvogn6qg\/protecting_immigrant_students\/","url":"https:\/\/ejanc.org\/campaigns_sbltu6ooudkwlbgvogn6qg\/protecting_immigrant_students\/","name":"Protecci\u00f3n de los estudiantes inmigrantes | Alianza por la Justicia en la Educaci\u00f3n","isPartOf":{"@id":"https:\/\/ejanc.org\/#website"},"primaryImageOfPage":{"@id":"https:\/\/ejanc.org\/campaigns_sbltu6ooudkwlbgvogn6qg\/protecting_immigrant_students\/#primaryimage"},"image":{"@id":"https:\/\/ejanc.org\/campaigns_sbltu6ooudkwlbgvogn6qg\/protecting_immigrant_students\/#primaryimage"},"thumbnailUrl":"https:\/\/ejanc.org\/wp-content\/uploads\/2023\/10\/970EFCDC-FC6E-4299-A213-B3162F16EE81-Ramiyah-e1696694580746.jpeg","datePublished":"2023-10-04T06:56:09+00:00","dateModified":"2023-10-10T15:03:18+00:00","breadcrumb":{"@id":"https:\/\/ejanc.org\/campaigns_sbltu6ooudkwlbgvogn6qg\/protecting_immigrant_students\/#breadcrumb"},"inLanguage":"es","potentialAction":[{"@type":"ReadAction","target":["https:\/\/ejanc.org\/campaigns_sbltu6ooudkwlbgvogn6qg\/protecting_immigrant_students\/"]}]},{"@type":"ImageObject","inLanguage":"es","@id":"https:\/\/ejanc.org\/campaigns_sbltu6ooudkwlbgvogn6qg\/protecting_immigrant_students\/#primaryimage","url":"https:\/\/ejanc.org\/wp-content\/uploads\/2023\/10\/970EFCDC-FC6E-4299-A213-B3162F16EE81-Ramiyah-e1696694580746.jpeg","contentUrl":"https:\/\/ejanc.org\/wp-content\/uploads\/2023\/10\/970EFCDC-FC6E-4299-A213-B3162F16EE81-Ramiyah-e1696694580746.jpeg","width":876,"height":1200},{"@type":"BreadcrumbList","@id":"https:\/\/ejanc.org\/campaigns_sbltu6ooudkwlbgvogn6qg\/protecting_immigrant_students\/#breadcrumb","itemListElement":[{"@type":"ListItem","position":1,"name":"Home","item":"https:\/\/ejanc.org\/es\/inicio\/"},{"@type":"ListItem","position":2,"name":"Campa\u00f1as","item":"https:\/\/ejanc.org\/campaigns_sbltu6ooudkwlbgvogn6qg\/"},{"@type":"ListItem","position":3,"name":"Protecci\u00f3n de los estudiantes inmigrantes"}]},{"@type":"WebSite","@id":"https:\/\/ejanc.org\/#website","url":"https:\/\/ejanc.org\/","name":"Alianza por la Justicia en la Educaci\u00f3n","description":"","publisher":{"@id":"https:\/\/ejanc.org\/#organization"},"potentialAction":[{"@type":"SearchAction","target":{"@type":"EntryPoint","urlTemplate":"https:\/\/ejanc.org\/?s={search_term_string}"},"query-input":{"@type":"PropertyValueSpecification","valueRequired":true,"valueName":"search_term_string"}}],"inLanguage":"es"},{"@type":"Organization","@id":"https:\/\/ejanc.org\/#organization","name":"Alianza por la Justicia en la Educaci\u00f3n","url":"https:\/\/ejanc.org\/","logo":{"@type":"ImageObject","inLanguage":"es","@id":"https:\/\/ejanc.org\/#\/schema\/logo\/image\/","url":"https:\/\/ejanc.org\/wp-content\/uploads\/2023\/10\/logo.png","contentUrl":"https:\/\/ejanc.org\/wp-content\/uploads\/2023\/10\/logo.png","width":129,"height":132,"caption":"Alianza por la Justicia en la Educaci\u00f3n"},"image":{"@id":"https:\/\/ejanc.org\/#\/schema\/logo\/image\/"},"sameAs":["https:\/\/www.facebook.com\/EJARALEIGHNC\/","https:\/\/www.instagram.com\/ejaraleighnc\/","https:\/\/www.linkedin.com\/company\/ejaraleighnc\/about\/","https:\/\/www.youtube.com\/@educationjusticealliance8063"]}]}},"campaignId":"","_links":{"self":[{"href":"https:\/\/ejanc.org\/es\/wp-json\/wp\/v2\/pages\/3715","targetHints":{"allow":["GET"]}}],"collection":[{"href":"https:\/\/ejanc.org\/es\/wp-json\/wp\/v2\/pages"}],"about":[{"href":"https:\/\/ejanc.org\/es\/wp-json\/wp\/v2\/types\/page"}],"author":[{"embeddable":true,"href":"https:\/\/ejanc.org\/es\/wp-json\/wp\/v2\/users\/1"}],"replies":[{"embeddable":true,"href":"https:\/\/ejanc.org\/es\/wp-json\/wp\/v2\/comments?post=3715"}],"version-history":[{"count":3,"href":"https:\/\/ejanc.org\/es\/wp-json\/wp\/v2\/pages\/3715\/revisions"}],"predecessor-version":[{"id":4537,"href":"https:\/\/ejanc.org\/es\/wp-json\/wp\/v2\/pages\/3715\/revisions\/4537"}],"up":[{"embeddable":true,"href":"https:\/\/ejanc.org\/es\/wp-json\/wp\/v2\/pages\/3669"}],"wp:featuredmedia":[{"embeddable":true,"href":"https:\/\/ejanc.org\/es\/wp-json\/wp\/v2\/media\/3628"}],"wp:attachment":[{"href":"https:\/\/ejanc.org\/es\/wp-json\/wp\/v2\/media?parent=3715"}],"curies":[{"name":"wp","href":"https:\/\/api.w.org\/{rel}","templated":true}]}}