{"id":7578,"date":"2025-05-30T12:33:09","date_gmt":"2025-05-30T16:33:09","guid":{"rendered":"https:\/\/ejanc.org\/practicas-escolares-que-crean-riesgo-para-las-familias-inmigrantes-y-de-estatus-mixto\/"},"modified":"2025-09-08T12:36:18","modified_gmt":"2025-09-08T16:36:18","slug":"practicas-escolares-que-crean-riesgo-para-las-familias-inmigrantes-y-de-estatus-mixto","status":"publish","type":"page","link":"https:\/\/ejanc.org\/es\/practicas-escolares-que-crean-riesgo-para-las-familias-inmigrantes-y-de-estatus-mixto\/","title":{"rendered":"Pr\u00e1cticas escolares que crean riesgo para las familias inmigrantes y de estatus mixto"},"content":{"rendered":"\t\t<div data-elementor-type=\"wp-page\" data-elementor-id=\"7578\" class=\"elementor elementor-7578 elementor-7573\" data-elementor-post-type=\"page\">\n\t\t\t\t<div class=\"elementor-element elementor-element-6772a08 e-flex e-con-boxed e-con e-parent\" data-id=\"6772a08\" data-element_type=\"container\" data-e-type=\"container\">\n\t\t\t\t\t<div class=\"e-con-inner\">\n\t\t\t\t<div class=\"elementor-element elementor-element-a44d8b7 elementor-widget elementor-widget-text-editor\" data-id=\"a44d8b7\" data-element_type=\"widget\" data-e-type=\"widget\" data-widget_type=\"text-editor.default\">\n\t\t\t\t<div class=\"elementor-widget-container\">\n\t\t\t\t\t\t\t\t\t<p><span style=\"font-weight: 400;\">Los alumnos pueden matricularse legalmente en la escuela p\u00fablica entre los 5 y los 21 a\u00f1os. Sin embargo, ha aumentado el n\u00famero de distritos escolares que deniegan la matr\u00edcula a j\u00f3venes a partir de 16 a\u00f1os por temor a que \u00ababandonen\u00bb antes de graduarse.   <\/span><\/p><p><span style=\"font-weight: 400;\">Adem\u00e1s, he aqu\u00ed una lista de pr\u00e1cticas escolares cotidianas que pueden perjudicar involuntariamente a los alumnos indocumentados y a sus familias:<\/span><\/p>\t\t\t\t\t\t\t\t<\/div>\n\t\t\t\t<\/div>\n\t\t\t\t\t<\/div>\n\t\t\t\t<\/div>\n\t\t<div class=\"elementor-element elementor-element-f32c1a3 e-flex e-con-boxed e-con e-parent\" data-id=\"f32c1a3\" data-element_type=\"container\" data-e-type=\"container\">\n\t\t\t\t\t<div class=\"e-con-inner\">\n\t\t<div class=\"elementor-element elementor-element-65ae80b e-con-full e-flex e-con e-child\" data-id=\"65ae80b\" data-element_type=\"container\" data-e-type=\"container\">\n\t\t\t\t<div class=\"elementor-element elementor-element-df3659e elementor-widget elementor-widget-n-accordion\" data-id=\"df3659e\" data-element_type=\"widget\" data-e-type=\"widget\" data-settings=\"{&quot;default_state&quot;:&quot;expanded&quot;,&quot;max_items_expended&quot;:&quot;one&quot;,&quot;n_accordion_animation_duration&quot;:{&quot;unit&quot;:&quot;ms&quot;,&quot;size&quot;:400,&quot;sizes&quot;:[]}}\" data-widget_type=\"nested-accordion.default\">\n\t\t\t\t<div class=\"elementor-widget-container\">\n\t\t\t\t\t\t\t<div class=\"e-n-accordion\" aria-label=\"Accordion. Open links with Enter or Space, close with Escape, and navigate with Arrow Keys\">\n\t\t\t\t\t\t<details id=\"e-n-accordion-item-2340\" class=\"e-n-accordion-item\" open>\n\t\t\t\t<summary class=\"e-n-accordion-item-title\" data-accordion-index=\"1\" tabindex=\"0\" aria-expanded=\"true\" aria-controls=\"e-n-accordion-item-2340\" >\n\t\t\t\t\t<span class='e-n-accordion-item-title-header'><div class=\"e-n-accordion-item-title-text\"> PR\u00c1CTICAS DE INSCRIPCI\u00d3N <\/div><\/span>\n\t\t\t\t\t\t\t<span class='e-n-accordion-item-title-icon'>\n\t\t\t<span class='e-opened' ><svg aria-hidden=\"true\" class=\"e-font-icon-svg e-fas-minus\" viewBox=\"0 0 448 512\" xmlns=\"http:\/\/www.w3.org\/2000\/svg\"><path d=\"M416 208H32c-17.67 0-32 14.33-32 32v32c0 17.67 14.33 32 32 32h384c17.67 0 32-14.33 32-32v-32c0-17.67-14.33-32-32-32z\"><\/path><\/svg><\/span>\n\t\t\t<span class='e-closed'><svg aria-hidden=\"true\" class=\"e-font-icon-svg e-fas-plus\" viewBox=\"0 0 448 512\" xmlns=\"http:\/\/www.w3.org\/2000\/svg\"><path d=\"M416 208H272V64c0-17.67-14.33-32-32-32h-32c-17.67 0-32 14.33-32 32v144H32c-17.67 0-32 14.33-32 32v32c0 17.67 14.33 32 32 32h144v144c0 17.67 14.33 32 32 32h32c17.67 0 32-14.33 32-32V304h144c17.67 0 32-14.33 32-32v-32c0-17.67-14.33-32-32-32z\"><\/path><\/svg><\/span>\n\t\t<\/span>\n\n\t\t\t\t\t\t<\/summary>\n\t\t\t\t<div role=\"region\" aria-labelledby=\"e-n-accordion-item-2340\" class=\"elementor-element elementor-element-bc61b81 e-con-full e-flex e-con e-child\" data-id=\"bc61b81\" data-element_type=\"container\" data-e-type=\"container\">\n\t\t<div role=\"region\" aria-labelledby=\"e-n-accordion-item-2340\" class=\"elementor-element elementor-element-fb550db e-flex e-con-boxed e-con e-child\" data-id=\"fb550db\" data-element_type=\"container\" data-e-type=\"container\">\n\t\t\t\t\t<div class=\"e-con-inner\">\n\t\t\t\t<div class=\"elementor-element elementor-element-31198d5 elementor-widget elementor-widget-text-editor\" data-id=\"31198d5\" data-element_type=\"widget\" data-e-type=\"widget\" data-widget_type=\"text-editor.default\">\n\t\t\t\t<div class=\"elementor-widget-container\">\n\t\t\t\t\t\t\t\t\t<ul><li><p>Los centros escolares pueden pedir el n\u00famero de la Seguridad Social, pero las familias no est\u00e1n obligadas a facilitarlo<\/p><\/li><li><p>Las escuelas no pueden exigir pruebas de ciudadan\u00eda o estatus de inmigrante para matricularse  <\/p><\/li><li><p>No se puede denegar a un estudiante la inscripci\u00f3n inicial bas\u00e1ndose \u00fanicamente en la falta de documentos sanitarios o de vacunaci\u00f3n, y se le debe notificar, as\u00ed como concederle 30 d\u00edas para que re\u00fana los elementos que le faltan.<\/p><\/li><\/ul><p><a href=\"https:\/\/drive.google.com\/file\/d\/1bK_t8Io1L1AcxSP_d0COfCNFKpDRx_DX\/view\">M\u00e1s informaci\u00f3n sobre tus derechos y responsabilidades de inscripci\u00f3n<\/a><\/p>\t\t\t\t\t\t\t\t<\/div>\n\t\t\t\t<\/div>\n\t\t\t\t\t<\/div>\n\t\t\t\t<\/div>\n\t\t\t\t<\/div>\n\t\t\t\t\t<\/details>\n\t\t\t\t\t<\/div>\n\t\t\t\t\t\t<\/div>\n\t\t\t\t<\/div>\n\t\t\t\t<div class=\"elementor-element elementor-element-2da16cb elementor-widget elementor-widget-n-accordion\" data-id=\"2da16cb\" data-element_type=\"widget\" data-e-type=\"widget\" data-settings=\"{&quot;default_state&quot;:&quot;all_collapsed&quot;,&quot;max_items_expended&quot;:&quot;multiple&quot;,&quot;n_accordion_animation_duration&quot;:{&quot;unit&quot;:&quot;ms&quot;,&quot;size&quot;:400,&quot;sizes&quot;:[]}}\" data-widget_type=\"nested-accordion.default\">\n\t\t\t\t<div class=\"elementor-widget-container\">\n\t\t\t\t\t\t\t<div class=\"e-n-accordion\" aria-label=\"Accordion. Open links with Enter or Space, close with Escape, and navigate with Arrow Keys\">\n\t\t\t\t\t\t<details id=\"e-n-accordion-item-4780\" class=\"e-n-accordion-item\" >\n\t\t\t\t<summary class=\"e-n-accordion-item-title\" data-accordion-index=\"1\" tabindex=\"0\" aria-expanded=\"false\" aria-controls=\"e-n-accordion-item-4780\" >\n\t\t\t\t\t<span class='e-n-accordion-item-title-header'><div class=\"e-n-accordion-item-title-text\"> EXCESO DE VIGILANCIA Y DISCIPLINA SEVERA <\/div><\/span>\n\t\t\t\t\t\t\t<span class='e-n-accordion-item-title-icon'>\n\t\t\t<span class='e-opened' ><svg aria-hidden=\"true\" class=\"e-font-icon-svg e-fas-minus\" viewBox=\"0 0 448 512\" xmlns=\"http:\/\/www.w3.org\/2000\/svg\"><path d=\"M416 208H32c-17.67 0-32 14.33-32 32v32c0 17.67 14.33 32 32 32h384c17.67 0 32-14.33 32-32v-32c0-17.67-14.33-32-32-32z\"><\/path><\/svg><\/span>\n\t\t\t<span class='e-closed'><svg aria-hidden=\"true\" class=\"e-font-icon-svg e-fas-plus\" viewBox=\"0 0 448 512\" xmlns=\"http:\/\/www.w3.org\/2000\/svg\"><path d=\"M416 208H272V64c0-17.67-14.33-32-32-32h-32c-17.67 0-32 14.33-32 32v144H32c-17.67 0-32 14.33-32 32v32c0 17.67 14.33 32 32 32h144v144c0 17.67 14.33 32 32 32h32c17.67 0 32-14.33 32-32V304h144c17.67 0 32-14.33 32-32v-32c0-17.67-14.33-32-32-32z\"><\/path><\/svg><\/span>\n\t\t<\/span>\n\n\t\t\t\t\t\t<\/summary>\n\t\t\t\t<div role=\"region\" aria-labelledby=\"e-n-accordion-item-4780\" class=\"elementor-element elementor-element-6be85c4 e-con-full e-flex e-con e-child\" data-id=\"6be85c4\" data-element_type=\"container\" data-e-type=\"container\">\n\t\t<div role=\"region\" aria-labelledby=\"e-n-accordion-item-4780\" class=\"elementor-element elementor-element-65e3c24 e-flex e-con-boxed e-con e-child\" data-id=\"65e3c24\" data-element_type=\"container\" data-e-type=\"container\">\n\t\t\t\t\t<div class=\"e-con-inner\">\n\t\t\t\t<div class=\"elementor-element elementor-element-c246a39 elementor-widget elementor-widget-text-editor\" data-id=\"c246a39\" data-element_type=\"widget\" data-e-type=\"widget\" data-widget_type=\"text-editor.default\">\n\t\t\t\t<div class=\"elementor-widget-container\">\n\t\t\t\t\t\t\t\t\t<p>Los Agentes de Recursos Escolares (SRO, por sus siglas en ingl\u00e9s) son agentes jurados de las fuerzas del orden asignados a las escuelas. Existe un largo historial de SRO que aplican pr\u00e1cticas disciplinarias muy punitivas en escuelas que discriminan a los alumnos negros y marrones. <\/p><p>Debes saber que&#8230;<\/p><ul><li><p>Las escuelas con SRO tienen m\u00e1s probabilidades de implicar a las fuerzas del orden en asuntos menores<\/p><\/li><li><p>Los estudiantes negros, marrones e inmigrantes tienen m\u00e1s probabilidades de ser suspendidos, expulsados o remitidos a la polic\u00eda, todo lo cual aumenta su exposici\u00f3n al ICE.  <\/p><\/li><li><p>Algunos departamentos de polic\u00eda comparten informaci\u00f3n sobre los estudiantes con las fuerzas del orden y las agencias de inmigraci\u00f3n (como el ICE) a trav\u00e9s de \u00abbases de datos de bandas que recogen informaci\u00f3n sobre individuos de los que la polic\u00eda sospecha que est\u00e1n implicados en bandas\u00bb.  <\/p><\/li><li><p>El comportamiento de los alumnos puede malinterpretarse debido a la falta de conciencia cultural y de formaci\u00f3n del personal escolar<\/p><\/li><li><p>EJA cree que las escuelas deben aplicar pr\u00e1cticas informadas sobre el trauma para apoyar a los estudiantes y dar prioridad a la curaci\u00f3n y el crecimiento como forma de ayudar a los estudiantes a superar los retos<\/p><\/li><\/ul><p><a href=\"https:\/\/ejanc.org\/es\/quejas-de-los-oficiales-en-las-escuelas\/\">Presenta una denuncia si la polic\u00eda escolar o los guardias de seguridad te han hecho da\u00f1o o te han maltratado<\/a><\/p>\t\t\t\t\t\t\t\t<\/div>\n\t\t\t\t<\/div>\n\t\t\t\t\t<\/div>\n\t\t\t\t<\/div>\n\t\t\t\t<\/div>\n\t\t\t\t\t<\/details>\n\t\t\t\t\t<\/div>\n\t\t\t\t\t\t<\/div>\n\t\t\t\t<\/div>\n\t\t<div class=\"elementor-element elementor-element-25d1ba1 e-con-full e-flex e-con e-child\" data-id=\"25d1ba1\" data-element_type=\"container\" data-e-type=\"container\">\n\t\t\t\t<div class=\"elementor-element elementor-element-02ad79d elementor-widget elementor-widget-n-accordion\" data-id=\"02ad79d\" data-element_type=\"widget\" data-e-type=\"widget\" data-settings=\"{&quot;default_state&quot;:&quot;all_collapsed&quot;,&quot;max_items_expended&quot;:&quot;multiple&quot;,&quot;n_accordion_animation_duration&quot;:{&quot;unit&quot;:&quot;ms&quot;,&quot;size&quot;:400,&quot;sizes&quot;:[]}}\" data-widget_type=\"nested-accordion.default\">\n\t\t\t\t<div class=\"elementor-widget-container\">\n\t\t\t\t\t\t\t<div class=\"e-n-accordion\" aria-label=\"Accordion. Open links with Enter or Space, close with Escape, and navigate with Arrow Keys\">\n\t\t\t\t\t\t<details id=\"e-n-accordion-item-2800\" class=\"e-n-accordion-item\" >\n\t\t\t\t<summary class=\"e-n-accordion-item-title\" data-accordion-index=\"1\" tabindex=\"0\" aria-expanded=\"false\" aria-controls=\"e-n-accordion-item-2800\" >\n\t\t\t\t\t<span class='e-n-accordion-item-title-header'><div class=\"e-n-accordion-item-title-text\"> RECOPILACI\u00d3N E INTERCAMBIO DE DATOS <\/div><\/span>\n\t\t\t\t\t\t\t<span class='e-n-accordion-item-title-icon'>\n\t\t\t<span class='e-opened' ><svg aria-hidden=\"true\" class=\"e-font-icon-svg e-fas-minus\" viewBox=\"0 0 448 512\" xmlns=\"http:\/\/www.w3.org\/2000\/svg\"><path d=\"M416 208H32c-17.67 0-32 14.33-32 32v32c0 17.67 14.33 32 32 32h384c17.67 0 32-14.33 32-32v-32c0-17.67-14.33-32-32-32z\"><\/path><\/svg><\/span>\n\t\t\t<span class='e-closed'><svg aria-hidden=\"true\" class=\"e-font-icon-svg e-fas-plus\" viewBox=\"0 0 448 512\" xmlns=\"http:\/\/www.w3.org\/2000\/svg\"><path d=\"M416 208H272V64c0-17.67-14.33-32-32-32h-32c-17.67 0-32 14.33-32 32v144H32c-17.67 0-32 14.33-32 32v32c0 17.67 14.33 32 32 32h144v144c0 17.67 14.33 32 32 32h32c17.67 0 32-14.33 32-32V304h144c17.67 0 32-14.33 32-32v-32c0-17.67-14.33-32-32-32z\"><\/path><\/svg><\/span>\n\t\t<\/span>\n\n\t\t\t\t\t\t<\/summary>\n\t\t\t\t<div role=\"region\" aria-labelledby=\"e-n-accordion-item-2800\" class=\"elementor-element elementor-element-f35201a e-con-full e-flex e-con e-child\" data-id=\"f35201a\" data-element_type=\"container\" data-e-type=\"container\">\n\t\t<div role=\"region\" aria-labelledby=\"e-n-accordion-item-2800\" class=\"elementor-element elementor-element-9a00037 e-flex e-con-boxed e-con e-child\" data-id=\"9a00037\" data-element_type=\"container\" data-e-type=\"container\">\n\t\t\t\t\t<div class=\"e-con-inner\">\n\t\t\t\t<div class=\"elementor-element elementor-element-69f56de elementor-widget elementor-widget-text-editor\" data-id=\"69f56de\" data-element_type=\"widget\" data-e-type=\"widget\" data-widget_type=\"text-editor.default\">\n\t\t\t\t<div class=\"elementor-widget-container\">\n\t\t\t\t\t\t\t\t\t<p>Las escuelas est\u00e1n obligadas a notificarlo al alumno o a sus padres antes de divulgar los expedientes, a menos que un tribunal haya dictaminado lo contrario.  <\/p><p>Debes saber que&#8230;<\/p><ul><li><p>Una ley federal (FERPA) protege la privacidad de los expedientes acad\u00e9micos de los alumnos y, en general, proh\u00edbe a los centros escolares compartir la informaci\u00f3n de los alumnos sin el consentimiento de los padres, con una excepci\u00f3n para los contratistas externos, como las empresas que proporcionan tecnolog\u00edas de vigilancia.<\/p><\/li><\/ul><ul><li><p>Las escuelas recogen datos sensibles como direcciones e informaci\u00f3n de contacto. Esta informaci\u00f3n puede llegar al ICE a trav\u00e9s de la polic\u00eda y los registros p\u00fablicos si la informaci\u00f3n no est\u00e1 bien protegida   <\/p><\/li><li><p>Las escuelas tambi\u00e9n pueden incorporar evaluaciones de amenazas, tecnolog\u00eda de reconocimiento facial y vigilancia de las redes sociales  <\/p><\/li><\/ul><p><a href=\"https:\/\/drive.google.com\/file\/d\/1ImmKCyBI3gP5S-X6fxAJWyrSRGZDpJYl\/view\">M\u00e1s informaci\u00f3n sobre tus derechos y responsabilidades en materia de recopilaci\u00f3n e intercambio de datos<\/a><\/p>\t\t\t\t\t\t\t\t<\/div>\n\t\t\t\t<\/div>\n\t\t\t\t\t<\/div>\n\t\t\t\t<\/div>\n\t\t\t\t<\/div>\n\t\t\t\t\t<\/details>\n\t\t\t\t\t<\/div>\n\t\t\t\t\t\t<\/div>\n\t\t\t\t<\/div>\n\t\t<div class=\"elementor-element elementor-element-bb8ab28 e-con-full e-flex e-con e-child\" data-id=\"bb8ab28\" data-element_type=\"container\" data-e-type=\"container\">\n\t\t\t\t<div class=\"elementor-element elementor-element-6265913 elementor-widget elementor-widget-n-accordion\" data-id=\"6265913\" data-element_type=\"widget\" data-e-type=\"widget\" data-settings=\"{&quot;default_state&quot;:&quot;all_collapsed&quot;,&quot;max_items_expended&quot;:&quot;multiple&quot;,&quot;n_accordion_animation_duration&quot;:{&quot;unit&quot;:&quot;ms&quot;,&quot;size&quot;:400,&quot;sizes&quot;:[]}}\" data-widget_type=\"nested-accordion.default\">\n\t\t\t\t<div class=\"elementor-widget-container\">\n\t\t\t\t\t\t\t<div class=\"e-n-accordion\" aria-label=\"Accordion. Open links with Enter or Space, close with Escape, and navigate with Arrow Keys\">\n\t\t\t\t\t\t<details id=\"e-n-accordion-item-1030\" class=\"e-n-accordion-item\" >\n\t\t\t\t<summary class=\"e-n-accordion-item-title\" data-accordion-index=\"1\" tabindex=\"0\" aria-expanded=\"false\" aria-controls=\"e-n-accordion-item-1030\" >\n\t\t\t\t\t<span class='e-n-accordion-item-title-header'><div class=\"e-n-accordion-item-title-text\"> BARRERAS LING\u00dc\u00cdSTICAS Y DE COMUNICACI\u00d3N <\/div><\/span>\n\t\t\t\t\t\t\t<span class='e-n-accordion-item-title-icon'>\n\t\t\t<span class='e-opened' ><svg aria-hidden=\"true\" class=\"e-font-icon-svg e-fas-minus\" viewBox=\"0 0 448 512\" xmlns=\"http:\/\/www.w3.org\/2000\/svg\"><path d=\"M416 208H32c-17.67 0-32 14.33-32 32v32c0 17.67 14.33 32 32 32h384c17.67 0 32-14.33 32-32v-32c0-17.67-14.33-32-32-32z\"><\/path><\/svg><\/span>\n\t\t\t<span class='e-closed'><svg aria-hidden=\"true\" class=\"e-font-icon-svg e-fas-plus\" viewBox=\"0 0 448 512\" xmlns=\"http:\/\/www.w3.org\/2000\/svg\"><path d=\"M416 208H272V64c0-17.67-14.33-32-32-32h-32c-17.67 0-32 14.33-32 32v144H32c-17.67 0-32 14.33-32 32v32c0 17.67 14.33 32 32 32h144v144c0 17.67 14.33 32 32 32h32c17.67 0 32-14.33 32-32V304h144c17.67 0 32-14.33 32-32v-32c0-17.67-14.33-32-32-32z\"><\/path><\/svg><\/span>\n\t\t<\/span>\n\n\t\t\t\t\t\t<\/summary>\n\t\t\t\t<div role=\"region\" aria-labelledby=\"e-n-accordion-item-1030\" class=\"elementor-element elementor-element-024adfb e-con-full e-flex e-con e-child\" data-id=\"024adfb\" data-element_type=\"container\" data-e-type=\"container\">\n\t\t<div role=\"region\" aria-labelledby=\"e-n-accordion-item-1030\" class=\"elementor-element elementor-element-fff0053 e-flex e-con-boxed e-con e-child\" data-id=\"fff0053\" data-element_type=\"container\" data-e-type=\"container\">\n\t\t\t\t\t<div class=\"e-con-inner\">\n\t\t\t\t<div class=\"elementor-element elementor-element-7688951 elementor-widget elementor-widget-text-editor\" data-id=\"7688951\" data-element_type=\"widget\" data-e-type=\"widget\" data-widget_type=\"text-editor.default\">\n\t\t\t\t<div class=\"elementor-widget-container\">\n\t\t\t\t\t\t\t\t\t<p>Si las escuelas no se comunican en la lengua materna de la familia, puede perderse informaci\u00f3n cr\u00edtica, lo que puede dar lugar a malentendidos o a que no se respeten los plazos. Esto dificulta que las familias aboguen por s\u00ed mismas. <\/p><p>Esto es lo que tienes que saber&#8230;<\/p><ul><li><p>Las escuelas deben facilitar informaci\u00f3n en una lengua que puedas entender<\/p><\/li><li><p>Las escuelas deben proporcionar asistencia ling\u00fc\u00edstica si la solicitas, aunque tu hijo domine el ingl\u00e9s<\/p><\/li><li><p>Las escuelas no pueden pedir a los alumnos o al personal escolar sin formaci\u00f3n que traduzcan o interpreten  <\/p><\/li><\/ul><p><a href=\"https:\/\/legalaidnc.org\/topic\/education\/education-3\/limited-english-speaking-families\/\">Aqu\u00ed tienes m\u00e1s informaci\u00f3n sobre los servicios ling\u00fc\u00edsticos para las familias<\/a><\/p><p><a href=\"https:\/\/docs.google.com\/document\/d\/1S-hEAziW7gdhyzieHjzhOqZ6n95H8A_lBLil1DEkurM\/edit?tab=t.0#heading=h.yongagx4gmhk\">Utiliza esta plantilla para preguntar al consejo escolar local o al director sobre las pol\u00edticas de acceso ling\u00fc\u00edstico  <\/a><\/p>\t\t\t\t\t\t\t\t<\/div>\n\t\t\t\t<\/div>\n\t\t\t\t\t<\/div>\n\t\t\t\t<\/div>\n\t\t\t\t<\/div>\n\t\t\t\t\t<\/details>\n\t\t\t\t\t<\/div>\n\t\t\t\t\t\t<\/div>\n\t\t\t\t<\/div>\n\t\t\t\t<\/div>\n\t\t\t\t<\/div>\n\t\t\t\t<\/div>\n\t\t\t\t\t<\/div>\n\t\t\t\t<\/div>\n\t\t\t\t<\/div>\n\t\t","protected":false},"excerpt":{"rendered":"<p>Los alumnos pueden matricularse legalmente en la escuela p\u00fablica entre los 5 y los 21 a\u00f1os. Sin embargo, ha aumentado el n\u00famero de distritos escolares que deniegan la matr\u00edcula a [&hellip;]<\/p>\n","protected":false},"author":4,"featured_media":0,"parent":0,"menu_order":0,"comment_status":"closed","ping_status":"closed","template":"","meta":{"_acf_changed":false,"give_campaign_id":0,"inline_featured_image":false,"footnotes":""},"class_list":["post-7578","page","type-page","status-publish","hentry"],"acf":[],"yoast_head":"<!-- This site is optimized with the Yoast SEO plugin v27.0 - https:\/\/yoast.com\/product\/yoast-seo-wordpress\/ -->\n<title>Pr\u00e1cticas escolares que crean riesgo para las familias inmigrantes y de estatus mixto | Alianza por la Justicia en la Educaci\u00f3n<\/title>\n<meta name=\"robots\" content=\"index, follow, max-snippet:-1, max-image-preview:large, max-video-preview:-1\" \/>\n<link rel=\"canonical\" href=\"https:\/\/ejanc.org\/es\/practicas-escolares-que-crean-riesgo-para-las-familias-inmigrantes-y-de-estatus-mixto\/\" \/>\n<meta property=\"og:locale\" content=\"es_ES\" \/>\n<meta property=\"og:type\" content=\"article\" \/>\n<meta property=\"og:title\" content=\"Pr\u00e1cticas escolares que crean riesgo para las familias inmigrantes y de estatus mixto | Alianza por la Justicia en la Educaci\u00f3n\" \/>\n<meta property=\"og:description\" content=\"Los alumnos pueden matricularse legalmente en la escuela p\u00fablica entre los 5 y los 21 a\u00f1os. Sin embargo, ha aumentado el n\u00famero de distritos escolares que deniegan la matr\u00edcula a [&hellip;]\" \/>\n<meta property=\"og:url\" content=\"https:\/\/ejanc.org\/es\/practicas-escolares-que-crean-riesgo-para-las-familias-inmigrantes-y-de-estatus-mixto\/\" \/>\n<meta property=\"og:site_name\" content=\"Alianza por la Justicia en la Educaci\u00f3n\" \/>\n<meta property=\"article:publisher\" content=\"https:\/\/www.facebook.com\/EJARALEIGHNC\/\" \/>\n<meta property=\"article:modified_time\" content=\"2025-09-08T16:36:18+00:00\" \/>\n<meta name=\"twitter:card\" content=\"summary_large_image\" \/>\n<meta name=\"twitter:label1\" content=\"Tiempo de lectura\" \/>\n\t<meta name=\"twitter:data1\" content=\"11 minutos\" \/>\n<script type=\"application\/ld+json\" class=\"yoast-schema-graph\">{\"@context\":\"https:\/\/schema.org\",\"@graph\":[{\"@type\":\"WebPage\",\"@id\":\"https:\/\/ejanc.org\/es\/practicas-escolares-que-crean-riesgo-para-las-familias-inmigrantes-y-de-estatus-mixto\/\",\"url\":\"https:\/\/ejanc.org\/es\/practicas-escolares-que-crean-riesgo-para-las-familias-inmigrantes-y-de-estatus-mixto\/\",\"name\":\"Pr\u00e1cticas escolares que crean riesgo para las familias inmigrantes y de estatus mixto | Alianza por la Justicia en la Educaci\u00f3n\",\"isPartOf\":{\"@id\":\"https:\/\/ejanc.org\/#website\"},\"datePublished\":\"2025-05-30T16:33:09+00:00\",\"dateModified\":\"2025-09-08T16:36:18+00:00\",\"breadcrumb\":{\"@id\":\"https:\/\/ejanc.org\/es\/practicas-escolares-que-crean-riesgo-para-las-familias-inmigrantes-y-de-estatus-mixto\/#breadcrumb\"},\"inLanguage\":\"es\",\"potentialAction\":[{\"@type\":\"ReadAction\",\"target\":[\"https:\/\/ejanc.org\/es\/practicas-escolares-que-crean-riesgo-para-las-familias-inmigrantes-y-de-estatus-mixto\/\"]}]},{\"@type\":\"BreadcrumbList\",\"@id\":\"https:\/\/ejanc.org\/es\/practicas-escolares-que-crean-riesgo-para-las-familias-inmigrantes-y-de-estatus-mixto\/#breadcrumb\",\"itemListElement\":[{\"@type\":\"ListItem\",\"position\":1,\"name\":\"Home\",\"item\":\"https:\/\/ejanc.org\/es\/inicio\/\"},{\"@type\":\"ListItem\",\"position\":2,\"name\":\"Pr\u00e1cticas escolares que crean riesgo para las familias inmigrantes y de estatus mixto\"}]},{\"@type\":\"WebSite\",\"@id\":\"https:\/\/ejanc.org\/#website\",\"url\":\"https:\/\/ejanc.org\/\",\"name\":\"Alianza por la Justicia en la Educaci\u00f3n\",\"description\":\"\",\"publisher\":{\"@id\":\"https:\/\/ejanc.org\/#organization\"},\"potentialAction\":[{\"@type\":\"SearchAction\",\"target\":{\"@type\":\"EntryPoint\",\"urlTemplate\":\"https:\/\/ejanc.org\/?s={search_term_string}\"},\"query-input\":{\"@type\":\"PropertyValueSpecification\",\"valueRequired\":true,\"valueName\":\"search_term_string\"}}],\"inLanguage\":\"es\"},{\"@type\":\"Organization\",\"@id\":\"https:\/\/ejanc.org\/#organization\",\"name\":\"Alianza por la Justicia en la Educaci\u00f3n\",\"url\":\"https:\/\/ejanc.org\/\",\"logo\":{\"@type\":\"ImageObject\",\"inLanguage\":\"es\",\"@id\":\"https:\/\/ejanc.org\/#\/schema\/logo\/image\/\",\"url\":\"https:\/\/ejanc.org\/wp-content\/uploads\/2023\/10\/logo.png\",\"contentUrl\":\"https:\/\/ejanc.org\/wp-content\/uploads\/2023\/10\/logo.png\",\"width\":129,\"height\":132,\"caption\":\"Alianza por la Justicia en la Educaci\u00f3n\"},\"image\":{\"@id\":\"https:\/\/ejanc.org\/#\/schema\/logo\/image\/\"},\"sameAs\":[\"https:\/\/www.facebook.com\/EJARALEIGHNC\/\",\"https:\/\/www.instagram.com\/ejaraleighnc\/\",\"https:\/\/www.linkedin.com\/company\/ejaraleighnc\/about\/\",\"https:\/\/www.youtube.com\/@educationjusticealliance8063\"]}]}<\/script>\n<!-- \/ Yoast SEO plugin. -->","yoast_head_json":{"title":"Pr\u00e1cticas escolares que crean riesgo para las familias inmigrantes y de estatus mixto | Alianza por la Justicia en la Educaci\u00f3n","robots":{"index":"index","follow":"follow","max-snippet":"max-snippet:-1","max-image-preview":"max-image-preview:large","max-video-preview":"max-video-preview:-1"},"canonical":"https:\/\/ejanc.org\/es\/practicas-escolares-que-crean-riesgo-para-las-familias-inmigrantes-y-de-estatus-mixto\/","og_locale":"es_ES","og_type":"article","og_title":"Pr\u00e1cticas escolares que crean riesgo para las familias inmigrantes y de estatus mixto | Alianza por la Justicia en la Educaci\u00f3n","og_description":"Los alumnos pueden matricularse legalmente en la escuela p\u00fablica entre los 5 y los 21 a\u00f1os. Sin embargo, ha aumentado el n\u00famero de distritos escolares que deniegan la matr\u00edcula a [&hellip;]","og_url":"https:\/\/ejanc.org\/es\/practicas-escolares-que-crean-riesgo-para-las-familias-inmigrantes-y-de-estatus-mixto\/","og_site_name":"Alianza por la Justicia en la Educaci\u00f3n","article_publisher":"https:\/\/www.facebook.com\/EJARALEIGHNC\/","article_modified_time":"2025-09-08T16:36:18+00:00","twitter_card":"summary_large_image","twitter_misc":{"Tiempo de lectura":"11 minutos"},"schema":{"@context":"https:\/\/schema.org","@graph":[{"@type":"WebPage","@id":"https:\/\/ejanc.org\/es\/practicas-escolares-que-crean-riesgo-para-las-familias-inmigrantes-y-de-estatus-mixto\/","url":"https:\/\/ejanc.org\/es\/practicas-escolares-que-crean-riesgo-para-las-familias-inmigrantes-y-de-estatus-mixto\/","name":"Pr\u00e1cticas escolares que crean riesgo para las familias inmigrantes y de estatus mixto | Alianza por la Justicia en la Educaci\u00f3n","isPartOf":{"@id":"https:\/\/ejanc.org\/#website"},"datePublished":"2025-05-30T16:33:09+00:00","dateModified":"2025-09-08T16:36:18+00:00","breadcrumb":{"@id":"https:\/\/ejanc.org\/es\/practicas-escolares-que-crean-riesgo-para-las-familias-inmigrantes-y-de-estatus-mixto\/#breadcrumb"},"inLanguage":"es","potentialAction":[{"@type":"ReadAction","target":["https:\/\/ejanc.org\/es\/practicas-escolares-que-crean-riesgo-para-las-familias-inmigrantes-y-de-estatus-mixto\/"]}]},{"@type":"BreadcrumbList","@id":"https:\/\/ejanc.org\/es\/practicas-escolares-que-crean-riesgo-para-las-familias-inmigrantes-y-de-estatus-mixto\/#breadcrumb","itemListElement":[{"@type":"ListItem","position":1,"name":"Home","item":"https:\/\/ejanc.org\/es\/inicio\/"},{"@type":"ListItem","position":2,"name":"Pr\u00e1cticas escolares que crean riesgo para las familias inmigrantes y de estatus mixto"}]},{"@type":"WebSite","@id":"https:\/\/ejanc.org\/#website","url":"https:\/\/ejanc.org\/","name":"Alianza por la Justicia en la Educaci\u00f3n","description":"","publisher":{"@id":"https:\/\/ejanc.org\/#organization"},"potentialAction":[{"@type":"SearchAction","target":{"@type":"EntryPoint","urlTemplate":"https:\/\/ejanc.org\/?s={search_term_string}"},"query-input":{"@type":"PropertyValueSpecification","valueRequired":true,"valueName":"search_term_string"}}],"inLanguage":"es"},{"@type":"Organization","@id":"https:\/\/ejanc.org\/#organization","name":"Alianza por la Justicia en la Educaci\u00f3n","url":"https:\/\/ejanc.org\/","logo":{"@type":"ImageObject","inLanguage":"es","@id":"https:\/\/ejanc.org\/#\/schema\/logo\/image\/","url":"https:\/\/ejanc.org\/wp-content\/uploads\/2023\/10\/logo.png","contentUrl":"https:\/\/ejanc.org\/wp-content\/uploads\/2023\/10\/logo.png","width":129,"height":132,"caption":"Alianza por la Justicia en la Educaci\u00f3n"},"image":{"@id":"https:\/\/ejanc.org\/#\/schema\/logo\/image\/"},"sameAs":["https:\/\/www.facebook.com\/EJARALEIGHNC\/","https:\/\/www.instagram.com\/ejaraleighnc\/","https:\/\/www.linkedin.com\/company\/ejaraleighnc\/about\/","https:\/\/www.youtube.com\/@educationjusticealliance8063"]}]}},"campaignId":"","_links":{"self":[{"href":"https:\/\/ejanc.org\/es\/wp-json\/wp\/v2\/pages\/7578","targetHints":{"allow":["GET"]}}],"collection":[{"href":"https:\/\/ejanc.org\/es\/wp-json\/wp\/v2\/pages"}],"about":[{"href":"https:\/\/ejanc.org\/es\/wp-json\/wp\/v2\/types\/page"}],"author":[{"embeddable":true,"href":"https:\/\/ejanc.org\/es\/wp-json\/wp\/v2\/users\/4"}],"replies":[{"embeddable":true,"href":"https:\/\/ejanc.org\/es\/wp-json\/wp\/v2\/comments?post=7578"}],"version-history":[{"count":15,"href":"https:\/\/ejanc.org\/es\/wp-json\/wp\/v2\/pages\/7578\/revisions"}],"predecessor-version":[{"id":8560,"href":"https:\/\/ejanc.org\/es\/wp-json\/wp\/v2\/pages\/7578\/revisions\/8560"}],"wp:attachment":[{"href":"https:\/\/ejanc.org\/es\/wp-json\/wp\/v2\/media?parent=7578"}],"curies":[{"name":"wp","href":"https:\/\/api.w.org\/{rel}","templated":true}]}}